{"id":172,"date":"2020-04-06T09:38:36","date_gmt":"2020-04-06T09:38:36","guid":{"rendered":"https:\/\/jarditechservice.ch\/?post_type=product&#038;p=172"},"modified":"2024-01-12T11:32:11","modified_gmt":"2024-01-12T11:32:11","slug":"tondeuses-pellenc-rasion-kit-avec-batterie","status":"publish","type":"product","link":"https:\/\/jarditechservice.ch\/?product=tondeuses-pellenc-rasion-kit-avec-batterie","title":{"rendered":"Tondeuses Pellenc Rasion smart kit avec batterie"},"content":{"rendered":"<h3><span style=\"color: #993366;\"><strong><em>Tondeuses Pellenc Rasion \u00e0 batterie<\/em><\/strong><\/span><br \/>\n<span style=\"color: #993366;\"><strong><em>Les plus l\u00e9g\u00e8res des tondeuses professionnelles <\/em><\/strong><\/span><\/h3>\n<p><span style=\"color: #993366;\"><strong><em>Le mod\u00e8le tract\u00e9e de la gamme des tondeuses professionnelles \u00e9tonne autant par son design que par sa technicit\u00e9. La plus l\u00e9g\u00e8re des tondeuses professionnelles de sa cat\u00e9gorie a une largeur de coupe de 60 cm et est \u00e9quip\u00e9e d\u2019un double couteau. RASION SMART a \u00e9t\u00e9 d\u00e9velopp\u00e9e dans la seule optique d\u2019am\u00e9liorer les conditions de travail de ses utilisateurs.<\/em><\/strong><\/span><br \/>\n<strong><em>\u00a0<\/em><\/strong><br \/>\n<strong><em>Kit avec batterie ULIB 1200 et chargeur standard<\/em><\/strong><br \/>\n<em>\u00a0<\/em><br \/>\n<strong><em>Productif :<\/em><\/strong><br \/>\n<em>Rendement de coupe sup\u00e9rieur de 30% \u00e0 une\u00a0 tondeuse classique.<\/em><br \/>\n<em>Tonte parfaite gr\u00e2ce aux doubles couteaux synchronis\u00e9s.<\/em><br \/>\n<em>Lames universelles (ramassage + mulching) de s\u00e9rie.<\/em><br \/>\n<em>Compactage du bac optimis\u00e9 gr\u00e2ce \u00e0 une tonte plus fine : 70L soit plus de 10 kg d\u2019herbe.<\/em><br \/>\n<em>D\u00e9bourrage automatique (Brevet PELLENC).<\/em><br \/>\n<em>Tonte r\u00e9guli\u00e8re sans traces de roues au sol.<\/em><br \/>\n<em>Gain de temps avec une adaptation de la vitesse de rotation des couteaux en fonction de la densit\u00e9 de l\u2019herbe (D\u00e9tecteur Infra-rouge ICC*).<\/em><br \/>\n<em>Plus de surface couverte gr\u00e2ce \u00e0 une grande largeur de coupe.<\/em><br \/>\n<em>Travail par tous les temps : \u00e9tanch\u00e9it\u00e9 IP54.<\/em><br \/>\n<em>\u00a0<\/em><br \/>\n<strong><em>Ergonomique<\/em><\/strong><br \/>\n<em>Ultra-maniables gr\u00e2ce \u00e0 la fonction roues libres avant Zero Turn et leurs poids plume.<\/em><br \/>\n<em>L\u00e9g\u00e8res : moins de 30 kg.<\/em><br \/>\n<em>Guidon et poign\u00e9e r\u00e9glables adapt\u00e9s \u00e0 toutes les morphologies.<\/em><br \/>\n<em>Compactes<\/em><br \/>\n<em>Nettoyage s\u00e9curis\u00e9.<\/em><br \/>\n<em>Position de transport et de stockage.<\/em><br \/>\n<strong><em>\u00a0<\/em><\/strong><br \/>\n<strong><em>Durable<\/em><\/strong><br \/>\n<em>Pas de gestion, ni de consommation d\u2019essence, ce qui \u00e9vite les encrassements et r\u00e9duit l\u2019entretien.<\/em><br \/>\n<em>Consommation sobre en \u00e9nergie gr\u00e2ce au moteur \u00e0 rendement \u00e9lev\u00e9 de 93\u202f%.<\/em><br \/>\n<em>Nuisance sonore r\u00e9duite et absence de nuisance olfactive autorisant un travail en zone sensible et \u00e0 toutes heures de la journ\u00e9e.<\/em><br \/>\n<strong><em>\u00a0<\/em><\/strong><br \/>\n<strong><em>Autonomie<\/em><\/strong><br \/>\n<em>Jusqu\u2019\u00e0 5 heures de tonte soit 5000 m2 avec la batterie 1500.<\/em><br \/>\n<em>\u00a0<\/em><br \/>\n<em><strong>Donn\u00e9es techniques<\/strong> <\/em><br \/>\n<em>Largeur de coupe (cm) : 60<\/em><br \/>\n<em>Hauteur de coupe mm: 25 \u00e0 75 <\/em><br \/>\n<em>Puissance de coupe maxi. : 960 W<\/em><br \/>\n<em>Vitesse de rotation des couteaux : 3 vitesses de 3000 \u00e0 5000 tr\/min<\/em><br \/>\n<em>\u00c9jection : arri\u00e8re<\/em><br \/>\n<em>Kit mulching : \u00e0 option<\/em><br \/>\n<em>Bac de ramassage (l.) : 70<\/em><br \/>\n<em>Autonomie moyenne en surface (\u00e0 3 km\/h et avec ULiB1100) \u2013 m\u00b2 : 3600<\/em><br \/>\n<em>R\u00e9glage \u00e9lectrique de la hauteur de coupe : 6 positions<\/em><br \/>\n<em>Transmission : 5 vitesses avant et arri\u00e8re<\/em><br \/>\n<em>Frein de parking \u00e9lectronique : inclus<\/em><br \/>\n<em>\u00a0<\/em><br \/>\n<em>\u00a0<\/em><br \/>\n<strong><em>Technologies :<\/em><\/strong><br \/>\n<em>Confort de tonte<\/em><br \/>\n<em>R\u00e9gulateur de rotation des couteaux en fonction de la densit\u00e9 de l\u2019herbe ICC.<\/em><br \/>\n<em>D\u00e9bourrage automatique : rotation invers\u00e9e des couteaux en cas de d\u00e9tection de surplus d\u2019herbe.<\/em><br \/>\n<em>\u00a0<\/em><br \/>\n<strong><em>Gain d\u2019espace<\/em><\/strong><br \/>\n<em>Compacte et l\u00e9g\u00e8re.<\/em><br \/>\n<em>Position de nettoyage et de stockage.<\/em><br \/>\n<em>Position de transport s\u00e9curis\u00e9e (frein parking).<\/em><br \/>\n<em>\u00a0<\/em><br \/>\n<strong><em>R\u00e9glage de coupe<\/em><\/strong><br \/>\n<em>R\u00e9glage centralis\u00e9 de la hauteur de coupe : manuel ou \u00e9lectronique de 25 \u00e0 75 mm.<\/em><br \/>\n<em>\u00a0<\/em><br \/>\n<strong><em>Coupe parfaite<\/em><\/strong><br \/>\n<em>Double couteaux contrarotatifs : 3000 \u00e0 5000 trs\/min.<\/em><br \/>\n<em>\u00a0<\/em><br \/>\n<strong><em>Tableau de bord \u00e9lectronique<\/em><\/strong><br \/>\n<em>\u00c9cran LCD sur tondeuse Rasion Smart pour contr\u00f4ler facilement et rapidement votre vitesse de tonte et d\u2019avancement et la hauteur de coupe.<\/em><br \/>\n<em>\u00a0<\/em><br \/>\n<strong><em>Man\u0153uvre pr\u00e9cise<\/em><\/strong><br \/>\n<em>Syst\u00e8me Z\u00e9ro Turn : roues folles permettant de man\u0153uvrer pr\u00e9cis\u00e9ment entre les massifs.<\/em><br \/>\n<em>Profil de roues antid\u00e9rapantes et crant\u00e9es qui ne marquent pas la pelouse.<\/em><br \/>\n<em>Gestion des d\u00e9vers gr\u00e2ce au syst\u00e8me\u00a0 d\u2019immobilisation des roues avant.<\/em><\/p>\n<hr \/>\n<p><span style=\"color: #993366;\"><strong><em>Batterie ULIB 1200<\/em><\/strong><\/span><br \/>\n<span style=\"color: #993366;\"><strong><em>La gamme de batteries PELLENC b\u00e9n\u00e9ficie de 10 ann\u00e9es d\u2019exp\u00e9rience dans la ma\u00eetrise de la technologie lithium-ion. Premier constructeur mondial \u00e0 avoir introduit cette technologie dans des outils \u00e9lectroportatifs professionnels de puissance, PELLENC d\u00e9veloppe aujourd\u2019hui des batteries communicantes et intelligentes.<\/em><\/strong><\/span><br \/>\n<em>\u00a0<\/em><br \/>\n<strong><em>Elles communiquent plus vite<\/em><\/strong><br \/>\n<em>Les technologies de communication sans fil NFC (Near Field Communication) facilitent la r\u00e9ception des donn\u00e9es lors des diagnostics, l\u2019expert batterie travaille plus vite.<\/em><br \/>\n<em>\u00a0<\/em><br \/>\n<strong><em>Elles ont l\u2019instinct de survie<\/em><\/strong><br \/>\n<em>Elles garantissent un \u00e9quilibrage et une protection individuelle de chacun de ses \u00e9l\u00e9ments afin de prolonger leur dur\u00e9e de vie. Les p\u00e9riodes de charges sont optimis\u00e9es quelles que soient les capacit\u00e9s restantes dans la batterie (pas d\u2019effet m\u00e9moire).<\/em><br \/>\n<em>\u00a0<\/em><br \/>\n<strong><em>Elles ne nuisent pas<\/em><\/strong><br \/>\n<em>Les batteries sont garanties sans \u00e9mission. Elles stockent l\u2019\u00e9nergie \u00e9lectrique destin\u00e9e aux collectivit\u00e9s, aux paysagistes, aux agriculteurs, aux complexes de tourisme. Elles n\u2019engendrent aucune nuisance sonore et olfactive et contribuent au respect de l\u2019environnement.<\/em><br \/>\n<em>\u00a0<\/em><br \/>\n<strong><em>Elles g\u00e8rent leur temps de charge et de d\u00e9charge<\/em><\/strong><br \/>\n<em>Les batteries Li-Ion perdent de leur capacit\u00e9 lorsqu\u2019elles sont stock\u00e9es de mani\u00e8re prolong\u00e9e en pleine charge. Les batteries PELLENC maintiennent leur pleine charge pendant 10 jours, puis se d\u00e9chargent jusqu\u2019\u00e0 une situation de stockage optimale.<\/em><br \/>\n<em>\u00a0<\/em><br \/>\n<strong><em>Elles reconnaissent les leurs<\/em><\/strong><br \/>\n<em>Les outils PELLENC transf\u00e8rent aux batteries PELLENC leurs informations de fonctionnement pour une utilisation optimis\u00e9e en permanence. Les batteries sont adaptables \u00e0 tous les outils de la gamme.<\/em><br \/>\n<em>\u00a0<\/em><br \/>\n<strong><em>Donn\u00e9es techniques :<\/em><\/strong><br \/>\n<em>Tension \u2013 V : 43.6<\/em><br \/>\n<em>Capacit\u00e9 \u2013 Ah : 35<\/em><br \/>\n<em>Puissance maximale \u2013 W : 2000<\/em><br \/>\n<em>Temps de charge avec chargeur standard : 12 h<\/em><br \/>\n<em>Adaptateur \u00e9lectrique suisse : inclus<\/em><\/p>\n","protected":false},"excerpt":{"rendered":"<h2><span style=\"color: #993366;\"><strong><em>Tondeuses Pellenc Rasion \u00e0 batterie<\/em><\/strong><\/span><\/h2>\n<p><span style=\"color: #993366;\"><strong><em>Le mod\u00e8le tract\u00e9e, la plus l\u00e9g\u00e8res de la gamme des tondeuses professionnelles \u00e9tonne autant par son design que par sa technicit\u00e9<\/em><\/strong><\/span><\/p>\n","protected":false},"featured_media":685,"template":"","meta":[],"product_cat":[16,24],"product_tag":[],"jetpack_sharing_enabled":true,"_links":{"self":[{"href":"https:\/\/jarditechservice.ch\/index.php?rest_route=\/wp\/v2\/product\/172"}],"collection":[{"href":"https:\/\/jarditechservice.ch\/index.php?rest_route=\/wp\/v2\/product"}],"about":[{"href":"https:\/\/jarditechservice.ch\/index.php?rest_route=\/wp\/v2\/types\/product"}],"wp:featuredmedia":[{"embeddable":true,"href":"https:\/\/jarditechservice.ch\/index.php?rest_route=\/wp\/v2\/media\/685"}],"wp:attachment":[{"href":"https:\/\/jarditechservice.ch\/index.php?rest_route=%2Fwp%2Fv2%2Fmedia&parent=172"}],"wp:term":[{"taxonomy":"product_cat","embeddable":true,"href":"https:\/\/jarditechservice.ch\/index.php?rest_route=%2Fwp%2Fv2%2Fproduct_cat&post=172"},{"taxonomy":"product_tag","embeddable":true,"href":"https:\/\/jarditechservice.ch\/index.php?rest_route=%2Fwp%2Fv2%2Fproduct_tag&post=172"}],"curies":[{"name":"wp","href":"https:\/\/api.w.org\/{rel}","templated":true}]}}