{"id":491,"date":"2020-04-24T09:51:44","date_gmt":"2020-04-24T09:51:44","guid":{"rendered":"https:\/\/jarditechservice.ch\/?post_type=product&#038;p=491"},"modified":"2024-01-10T13:12:42","modified_gmt":"2024-01-10T13:12:42","slug":"491","status":"publish","type":"product","link":"https:\/\/jarditechservice.ch\/?product=491","title":{"rendered":"KW-KM Balai racleur Outil CombiSyst\u00e8me Stihl"},"content":{"rendered":"<h3><span style=\"color: #993300;\"><strong><em>KW-KM Balai racleur<\/em><\/strong><\/span><br \/>\n<span style=\"color: #993300;\"><strong><em>Outil CombiSyst\u00e8me<\/em><\/strong><\/span><\/h3>\n<p><span style=\"color: #993300;\"><strong><em>Outil rouleau de balayage pour STIHL CombiSyst\u00e8me. Pour balayer les d\u00e9tritus, d\u00e9chets, feuilles mortes, la neige, etc. Poids 7,4 kg. Longueur totale 125 cm. Pour tous les moteurs Combi \u00e0 poign\u00e9e circulaire (R).<\/em><\/strong><\/span><br \/>\n<strong><em>\u00a0<\/em><\/strong><br \/>\n<strong><em>Donn\u00e9es techniques :<\/em><\/strong><br \/>\n<em>Outil Balai racleur<\/em><br \/>\n<em>Largeur de travail : 125cm<\/em><br \/>\n<em>Poids : 7.4 kg<\/em><\/p>\n","protected":false},"excerpt":{"rendered":"<h2><span style=\"color: #993300;\"><em><strong>KW-KM Balai racleur <\/strong><\/em><\/span><span style=\"color: #993300;\"><em><strong>Outil CombiSyst\u00e8me<\/strong><\/em><\/span><\/h2>\n<p><span style=\"color: #993300;\"><em><strong>Outil rouleau de balayage pour STIHL CombiSyst\u00e8me. Pour balayer les d\u00e9tritus, d\u00e9chets, feuilles mortes, la neige, etc.<\/strong> <\/em><\/span><\/p>\n","protected":false},"featured_media":492,"template":"","meta":[],"product_cat":[47],"product_tag":[],"jetpack_sharing_enabled":true,"_links":{"self":[{"href":"https:\/\/jarditechservice.ch\/index.php?rest_route=\/wp\/v2\/product\/491"}],"collection":[{"href":"https:\/\/jarditechservice.ch\/index.php?rest_route=\/wp\/v2\/product"}],"about":[{"href":"https:\/\/jarditechservice.ch\/index.php?rest_route=\/wp\/v2\/types\/product"}],"wp:featuredmedia":[{"embeddable":true,"href":"https:\/\/jarditechservice.ch\/index.php?rest_route=\/wp\/v2\/media\/492"}],"wp:attachment":[{"href":"https:\/\/jarditechservice.ch\/index.php?rest_route=%2Fwp%2Fv2%2Fmedia&parent=491"}],"wp:term":[{"taxonomy":"product_cat","embeddable":true,"href":"https:\/\/jarditechservice.ch\/index.php?rest_route=%2Fwp%2Fv2%2Fproduct_cat&post=491"},{"taxonomy":"product_tag","embeddable":true,"href":"https:\/\/jarditechservice.ch\/index.php?rest_route=%2Fwp%2Fv2%2Fproduct_tag&post=491"}],"curies":[{"name":"wp","href":"https:\/\/api.w.org\/{rel}","templated":true}]}}