{"id":495,"date":"2020-04-24T09:57:16","date_gmt":"2020-04-24T09:57:16","guid":{"rendered":"https:\/\/jarditechservice.ch\/?post_type=product&#038;p=495"},"modified":"2024-01-10T13:12:29","modified_gmt":"2024-01-10T13:12:29","slug":"bf-km-sarcleuse-outil-combisysteme","status":"publish","type":"product","link":"https:\/\/jarditechservice.ch\/?product=bf-km-sarcleuse-outil-combisysteme","title":{"rendered":"BF-KM sarcleuse Outil CombiSyst\u00e8me Stihl"},"content":{"rendered":"<h3><span style=\"color: #993300;\"><em><strong>BF-KM sarcleuse<\/strong><\/em><\/span><br \/>\n<span style=\"color: #993300;\"><em><strong>Outil CombiSyst\u00e8me<\/strong><\/em><\/span><\/h3>\n<p><span style=\"color: #993300;\"><em><strong>Outil Combi sarcleuse du CombiSyst\u00e8me STIHL. La sarcleuse \u00e9miette ais\u00e9ment des sols durs et m\u00eame des sols lourds argileux. Id\u00e9ale pour cultiver ou a\u00e9rer des sols ou pour planter de fa\u00e7on rapproch\u00e9e. Poids : 4,1 kg. Longueur totale : 103 cm. Pour tous les moteurs Combi et FR 131<\/strong><\/em><\/span><br \/>\n<em><strong>\u00a0<\/strong><\/em><br \/>\n<em><strong>\u00a0<\/strong><\/em><br \/>\n<em><strong>Donn\u00e9es techniques :<\/strong><\/em><br \/>\n<em>Outil sarcleuse<\/em><br \/>\n<em>Largeur de travail : 100 cm<\/em><br \/>\n<em>Poids : 4.1 kg<\/em><\/p>\n","protected":false},"excerpt":{"rendered":"<h2><span style=\"color: #993300;\"><em><strong>BF-KM sarcleuse Outil CombiSyst\u00e8me<\/strong><\/em><\/span><\/h2>\n<p><span style=\"color: #993300;\"><em><strong>Outil Combi sarcleuse du CombiSyst\u00e8me STIHL. La sarcleuse \u00e9miette ais\u00e9ment des sols durs et m\u00eame des sols lourds argileux. Id\u00e9ale pour cultiver ou a\u00e9rer des sols<\/strong> <\/em><\/span><\/p>\n","protected":false},"featured_media":496,"template":"","meta":[],"product_cat":[47],"product_tag":[],"jetpack_sharing_enabled":true,"_links":{"self":[{"href":"https:\/\/jarditechservice.ch\/index.php?rest_route=\/wp\/v2\/product\/495"}],"collection":[{"href":"https:\/\/jarditechservice.ch\/index.php?rest_route=\/wp\/v2\/product"}],"about":[{"href":"https:\/\/jarditechservice.ch\/index.php?rest_route=\/wp\/v2\/types\/product"}],"wp:featuredmedia":[{"embeddable":true,"href":"https:\/\/jarditechservice.ch\/index.php?rest_route=\/wp\/v2\/media\/496"}],"wp:attachment":[{"href":"https:\/\/jarditechservice.ch\/index.php?rest_route=%2Fwp%2Fv2%2Fmedia&parent=495"}],"wp:term":[{"taxonomy":"product_cat","embeddable":true,"href":"https:\/\/jarditechservice.ch\/index.php?rest_route=%2Fwp%2Fv2%2Fproduct_cat&post=495"},{"taxonomy":"product_tag","embeddable":true,"href":"https:\/\/jarditechservice.ch\/index.php?rest_route=%2Fwp%2Fv2%2Fproduct_tag&post=495"}],"curies":[{"name":"wp","href":"https:\/\/api.w.org\/{rel}","templated":true}]}}