{"id":995,"date":"2024-01-12T14:38:09","date_gmt":"2024-01-12T14:38:09","guid":{"rendered":"https:\/\/jarditechservice.ch\/?post_type=product&#038;p=995"},"modified":"2024-01-12T15:36:46","modified_gmt":"2024-01-12T15:36:46","slug":"taille-haie-a-accu-pellenc-helion-3","status":"publish","type":"product","link":"https:\/\/jarditechservice.ch\/?product=taille-haie-a-accu-pellenc-helion-3","title":{"rendered":"Taille-haie \u00e0 accu Pellenc Helion 3"},"content":{"rendered":"<h3><span style=\"color: #33cccc;\"><em><strong>Taille-haie \u00e0 accu Pellenc Helion 3<\/strong><\/em><\/span><\/h3>\n<h3><span style=\"color: #33cccc;\"><em><strong>Du professionnalisme au bout des lames<\/strong><\/em><\/span><\/h3>\n<p><span style=\"color: #33cccc;\"><em><strong>V\u00e9ritable concentr\u00e9 de puissance et de simplicit\u00e9, HELION 3 est aujourd\u2019hui La r\u00e9f\u00e9rence des taille-haies professionnels \u00e0 batterie pour l\u2019entretien des espaces verts. Ultra polyvalent il garantit des travaux de rabattage et de finition parfaits. Sa capacit\u00e9 de coupe exceptionnelle permet de tailler des sections jusqu\u2019\u00e0 3 cm de diam\u00e8tre en toute s\u00e9curit\u00e9. Il vous permet de travailler par tous les temps en vous offrant jusqu\u2019\u00e0 une journ\u00e9e d\u2019autonomie. Avec HELION 3, facilitez-vous la taille !<\/strong><\/em><\/span><\/p>\n<p><strong><span style=\"color: #000000;\"><em>Donn\u00e9es techniques :<\/em><\/span><\/strong><\/p>\n<p><em>Inclus cable adaptateur connexion rapide<\/em><\/p>\n<p><span style=\"color: #000000;\"><em>Puissance : 1.63 CV<\/em><\/span><br \/>\n<span style=\"color: #000000;\"><em>Lamier : 75 cm inclus<\/em><\/span><br \/>\n<span style=\"color: #000000;\"><em>Poign\u00e9e tournante<\/em><\/span><br \/>\n<span style=\"color: #000000;\"><em>S\u00e9lecteur : 4 vitesses<\/em><\/span><br \/>\n<span style=\"color: #000000;\"><em>But\u00e9e anti-rebond<\/em><\/span><\/p>\n<p>&nbsp;<\/p>\n<p><strong><span style=\"color: #000000;\"><em>Adaptabilit\u00e9<\/em><\/span><\/strong><br \/>\n<span style=\"color: #000000;\"><em>4 vitesses de taille pour adapter le travail au type de v\u00e9g\u00e9taux<\/em><\/span><br \/>\n<span style=\"color: #000000;\"><em>Une capacit\u00e9 de coupe de 3 cm de diam\u00e8tre pour des travaux de rabattage et de finition irr\u00e9prochables<\/em><\/span><\/p>\n<p><strong><span style=\"color: #000000;\"><em>S\u00e9curit\u00e9<\/em><\/span><\/strong><br \/>\n<span style=\"color: #000000;\"><em>Syst\u00e8me anti-blocage exclusif pour se d\u00e9gager facilement et sans casse<\/em><\/span><br \/>\n<span style=\"color: #000000;\"><em>Nouvelle ergonomie du protecteur du lamier pour limiter les risques de coupure<\/em><\/span><br \/>\n<span style=\"color: #000000;\"><em>D\u00e9marrage s\u00e9curis\u00e9 \u00e0 double impulsion sur la g\u00e2chette de la poign\u00e9e arri\u00e8re<\/em><\/span><\/p>\n<p><strong><span style=\"color: #000000;\"><em>Confort<\/em><\/span><\/strong><br \/>\n<span style=\"color: #000000;\"><em>Lamier robuste d\u2019\u00e9paisseur 2,25 mm, d\u2019\u00e9cartement entre les dents 33 mm et de hauteur 23 mm<\/em><\/span><br \/>\n<span style=\"color: #000000;\"><em>But\u00e9e anti-rebond en acier inoxydable<\/em><\/span><br \/>\n<span style=\"color: #000000;\"><em>Syst\u00e8me de connexion et d\u00e9connexion rapide de l\u2019outil \u00e0 la batterie<\/em><\/span><br \/>\n<span style=\"color: #000000;\"><em>Indice d\u2019\u00e9tanch\u00e9it\u00e9 IP54 pour travailler m\u00eame par temps de pluie<\/em><\/span><\/p>\n<p>&nbsp;<\/p>\n","protected":false},"excerpt":{"rendered":"<h2><span style=\"color: #33cccc;\"><em><strong>Taille-haie \u00e0 accu Pellenc Helion 3<\/strong><\/em><\/span><br \/>\n<span style=\"color: #33cccc;\"><em><strong>Du professionnalisme au bout des lames<\/strong><\/em><\/span><\/h2>\n<h2><span style=\"color: #33cccc;\"><em><strong>Ultra polyvalent il garantit des travaux de rabattage et de finition parfaits.<\/strong><\/em><\/span><\/h2>\n","protected":false},"featured_media":996,"template":"","meta":[],"product_cat":[70,33,55],"product_tag":[],"jetpack_sharing_enabled":true,"_links":{"self":[{"href":"https:\/\/jarditechservice.ch\/index.php?rest_route=\/wp\/v2\/product\/995"}],"collection":[{"href":"https:\/\/jarditechservice.ch\/index.php?rest_route=\/wp\/v2\/product"}],"about":[{"href":"https:\/\/jarditechservice.ch\/index.php?rest_route=\/wp\/v2\/types\/product"}],"wp:featuredmedia":[{"embeddable":true,"href":"https:\/\/jarditechservice.ch\/index.php?rest_route=\/wp\/v2\/media\/996"}],"wp:attachment":[{"href":"https:\/\/jarditechservice.ch\/index.php?rest_route=%2Fwp%2Fv2%2Fmedia&parent=995"}],"wp:term":[{"taxonomy":"product_cat","embeddable":true,"href":"https:\/\/jarditechservice.ch\/index.php?rest_route=%2Fwp%2Fv2%2Fproduct_cat&post=995"},{"taxonomy":"product_tag","embeddable":true,"href":"https:\/\/jarditechservice.ch\/index.php?rest_route=%2Fwp%2Fv2%2Fproduct_tag&post=995"}],"curies":[{"name":"wp","href":"https:\/\/api.w.org\/{rel}","templated":true}]}}